{"id":1398,"date":"2020-09-09T02:09:05","date_gmt":"2020-09-09T09:09:05","guid":{"rendered":"https:\/\/allpotatoes.com\/?page_id=1398"},"modified":"2024-12-30T14:17:04","modified_gmt":"2024-12-30T06:17:04","slug":"privacy-policy","status":"publish","type":"page","link":"https:\/\/allpotatoes.com\/sw\/privacy-policy\/","title":{"rendered":"Adatv\u00e9delmi Szab\u00e1lyzat"},"content":{"rendered":"<p>Utols\u00f3 friss\u00edt\u00e9s: 2023. szeptember 09. 2020<\/p>    <p>Ez az Adatv\u00e9delmi Szab\u00e1lyzat le\u00edrja politik\u00e1inkat \u00e9s elj\u00e1r\u00e1sainkat az \u00d6n adatai gy\u0171jt\u00e9s\u00e9r\u0151l, felhaszn\u00e1l\u00e1s\u00e1r\u00f3l \u00e9s k\u00f6zz\u00e9t\u00e9tel\u00e9r\u0151l, amikor haszn\u00e1lja a Szolg\u00e1ltat\u00e1st, \u00e9s t\u00e1j\u00e9koztatja \u00d6nt az adatv\u00e9delmi jogair\u00f3l \u00e9s arr\u00f3l, hogyan v\u00e9di meg a jogszab\u00e1ly.<\/p>    <p>Szem\u00e9lyes adatait azzal a c\u00e9llal gy\u0171jtj\u00fck \u00e9s haszn\u00e1ljuk, hogy jav\u00edtsuk \u00e9s fejlessz\u00fck Szolg\u00e1ltat\u00e1sunkat. A Szolg\u00e1ltat\u00e1s haszn\u00e1lat\u00e1val elfogadja az adatok gy\u0171jt\u00e9s\u00e9t \u00e9s felhaszn\u00e1l\u00e1s\u00e1t ezen Adatv\u00e9delmi Szab\u00e1lyzat szerint. Ez az Adatv\u00e9delmi Szab\u00e1lyzat a Privacy Policy Generator seg\u00edts\u00e9g\u00e9vel k\u00e9sz\u00fclt.<\/p>    <h1 class=\"wp-block-heading\">\u00c9rtelmez\u00e9s \u00e9s Fogalmak<\/h1>    <h2 class=\"wp-block-heading\">\u00c9rtelmez\u00e9s<\/h2>    <p>A szavak, amelyek els\u0151 bet\u0171je nagybet\u0171s, a k\u00f6vetkez\u0151 felt\u00e9telek szerint \u00e9rtelmezend\u0151k. Az al\u00e1bbi meghat\u00e1roz\u00e1sok ugyanazt a jelent\u00e9st fogj\u00e1k hordozni, f\u00fcggetlen\u00fcl att\u00f3l, hogy egyes sz\u00e1mban vagy t\u00f6bbes sz\u00e1mban jelennek meg.<\/p>    <h2 class=\"wp-block-heading\">Defin\u00edci\u00f3k<\/h2>    <p>A jelen Adatv\u00e9delmi Szab\u00e1lyzat c\u00e9lja:<\/p>    <ul class=\"wp-block-list\"><li><strong>Fi\u00f3k<\/strong> egyedi fi\u00f3kra utal, amelyet az \u00d6n sz\u00e1m\u00e1ra hoztak l\u00e9tre a Szolg\u00e1ltat\u00e1s el\u00e9r\u00e9s\u00e9hez.<\/li><li><strong>C\u00e9g<\/strong> (amelyet a jelen Meg\u00e1llapod\u00e1sban \u201ea C\u00e9g\u201d, \u201eMi\u201d, \u201eMinket\u201d vagy \u201eMi\u00e9nk\u201d n\u00e9ven eml\u00edt\u00fcnk) a Taizy Machinery LLC, Zhengzhou, K\u00edna.<\/li><li><strong>S\u00fctik<\/strong> kism\u00e9ret\u0171 f\u00e1jlok, amelyeket weboldalak helyeznek el az \u00d6n sz\u00e1m\u00edt\u00f3g\u00e9p\u00e9n, mobil eszk\u00f6z\u00e9n vagy m\u00e1s eszk\u00f6z\u00e9n, tartalmazva az adott weboldalon val\u00f3 b\u00f6ng\u00e9sz\u00e9si el\u0151zm\u00e9nyeit, t\u00f6bbek k\u00f6z\u00f6tt.<\/li><li><strong>Orsz\u00e1g<\/strong> K\u00edna<\/li><li><strong>Eszk\u00f6z<\/strong> b\u00e1rmilyen eszk\u00f6z, amely hozz\u00e1f\u00e9rhet a Szolg\u00e1ltat\u00e1shoz, p\u00e9ld\u00e1ul sz\u00e1m\u00edt\u00f3g\u00e9p, mobiltelefon vagy digit\u00e1lis tablet.<\/li><li><strong>Szem\u00e9lyes Adatok<\/strong> b\u00e1rmilyen inform\u00e1ci\u00f3, amely egy azonos\u00edtott vagy azonos\u00edthat\u00f3 szem\u00e9lyhez kapcsol\u00f3dik.<\/li><li><strong>Szolg\u00e1ltat\u00e1s<\/strong> a Honlapra utal<\/li><li><strong>Szolg\u00e1ltat\u00f3<\/strong> harmadik f\u00e9l \u00e1ltal feldolgozott szem\u00e9lyes adatokra utal, aki a C\u00e9g nev\u00e9ben dolgozik. Ide tartoznak harmadik f\u00e9l c\u00e9gek vagy mag\u00e1nszem\u00e9lyek, akiket a C\u00e9g alkalmaz a Szolg\u00e1ltat\u00e1s megk\u00f6nny\u00edt\u00e9se \u00e9rdek\u00e9ben, a Szolg\u00e1ltat\u00e1s ny\u00fajt\u00e1s\u00e1ra, szolg\u00e1ltat\u00e1sok v\u00e9grehajt\u00e1s\u00e1ra vagy a Szolg\u00e1ltat\u00e1s haszn\u00e1lat\u00e1nak elemz\u00e9s\u00e9re.<\/li><li><strong>Harmadik f\u00e9l k\u00f6z\u00f6ss\u00e9gi m\u00e9dia szolg\u00e1ltat\u00e1s<\/strong> b\u00e1rhol, ahol egy Felhaszn\u00e1l\u00f3 bejelentkezhet vagy fi\u00f3kot hozhat l\u00e9tre a Szolg\u00e1ltat\u00e1s haszn\u00e1lat\u00e1hoz, egy weboldal vagy k\u00f6z\u00f6ss\u00e9gi h\u00e1l\u00f3zati oldal.<\/li><li><strong>Haszn\u00e1lati adatok<\/strong> automatikusan gy\u0171jt\u00f6tt adatokra utal, amelyek a Szolg\u00e1ltat\u00e1s haszn\u00e1lat\u00e1b\u00f3l vagy a Szolg\u00e1ltat\u00e1s infrastrukt\u00far\u00e1j\u00e1b\u00f3l sz\u00e1rmaznak (p\u00e9ld\u00e1ul egy oldal l\u00e1togat\u00e1s\u00e1nak id\u0151tartama).<\/li><li><strong>Honlap<\/strong> a Taizy g\u00e9pekre utal, amelyek el\u00e9rhet\u0151k a <a href=\"https:\/\/allpotatoes.com\/sw\/\" rel=\"noreferrer noopener\" target=\"_blank\">https:\/\/allpotatoes.com<\/a><\/li><li><strong>\u00d6n<\/strong> az a szem\u00e9ly, aki hozz\u00e1f\u00e9r vagy haszn\u00e1lja a Szolg\u00e1ltat\u00e1st, vagy az a c\u00e9g vagy jogi szem\u00e9ly, aki nev\u00e9ben az adott szem\u00e9ly hozz\u00e1f\u00e9r vagy haszn\u00e1lja a Szolg\u00e1ltat\u00e1st, az alkalmazand\u00f3.<\/li><\/ul>    <h1 class=\"wp-block-heading\">Szem\u00e9lyes adatai gy\u0171jt\u00e9se \u00e9s felhaszn\u00e1l\u00e1sa<\/h1>    <h2 class=\"wp-block-heading\">Gy\u0171jt\u00f6tt adatok t\u00edpusai<\/h2>    <h3 class=\"wp-block-heading\">Szem\u00e9lyes Adatok<\/h3>    <p>Amikor Szolg\u00e1ltat\u00e1sunkat haszn\u00e1lja, k\u00e9rhet t\u0151l\u00fcnk bizonyos szem\u00e9lyazonos\u00edthat\u00f3 inform\u00e1ci\u00f3kat, amelyek felhaszn\u00e1lhat\u00f3k az \u00d6n el\u00e9r\u00e9s\u00e9re vagy azonos\u00edt\u00e1s\u00e1ra. A szem\u00e9lyazonos\u00edthat\u00f3 inform\u00e1ci\u00f3k k\u00f6z\u00e9 tartozhatnak, de nem kiz\u00e1r\u00f3lagosan:<\/p>    <ul class=\"wp-block-list\"><li>E-mail c\u00edm<\/li><li>Keresztn\u00e9v \u00e9s vezet\u00e9kn\u00e9v<\/li><li>Telefonsz\u00e1m<\/li><li>C\u00edm, \u00e1llam, tartom\u00e1ny, ir\u00e1ny\u00edt\u00f3sz\u00e1m, v\u00e1ros<\/li><li>Haszn\u00e1lati adatok<\/li><\/ul>    <h3 class=\"wp-block-heading\">Haszn\u00e1lati adatok<\/h3>    <p>A Haszn\u00e1lati Adatok automatikusan gy\u0171lnek, amikor haszn\u00e1lja a Szolg\u00e1ltat\u00e1st.<\/p>    <p>A Haszn\u00e1lati Adatok tartalmazhatnak olyan inform\u00e1ci\u00f3kat, mint p\u00e9ld\u00e1ul az eszk\u00f6z internetes protokoll c\u00edme (pl. IP-c\u00edm), b\u00f6ng\u00e9sz\u0151 t\u00edpusa, verzi\u00f3ja, az \u00e1ltalunk k\u00edn\u00e1lt Szolg\u00e1ltat\u00e1s oldalai, amelyeket megl\u00e1togat, a l\u00e1togat\u00e1s id\u0151pontja \u00e9s d\u00e1tuma, az oldalakon elt\u00f6lt\u00f6tt id\u0151, egyedi eszk\u00f6zazonos\u00edt\u00f3k \u00e9s egy\u00e9b diagnosztikai adatok.<\/p>    <p>Amikor a mobil eszk\u00f6z\u00f6n vagy azon kereszt\u00fcl \u00e9ri el a Szolg\u00e1ltat\u00e1st, bizonyos inform\u00e1ci\u00f3kat automatikusan gy\u0171jthet\u00fcnk, t\u00f6bbek k\u00f6z\u00f6tt a mobil eszk\u00f6z t\u00edpus\u00e1t, egyedi azonos\u00edt\u00f3j\u00e1t, az IP-c\u00edmet, a mobil oper\u00e1ci\u00f3s rendszert, a haszn\u00e1lt mobil internet b\u00f6ng\u00e9sz\u0151 t\u00edpus\u00e1t, egyedi eszk\u00f6zazonos\u00edt\u00f3kat \u00e9s egy\u00e9b diagnosztikai adatokat.<\/p>    <p>Gy\u0171jthet\u00fcnk olyan inform\u00e1ci\u00f3kat is, amelyeket a b\u00f6ng\u00e9sz\u0151je k\u00fcld, amikor megl\u00e1togatja Szolg\u00e1ltat\u00e1sunkat, vagy amikor mobil eszk\u00f6z\u00f6n vagy m\u00e1s m\u00f3don hozz\u00e1f\u00e9r a Szolg\u00e1ltat\u00e1shoz.<\/p>    <h3 class=\"wp-block-heading\">Nyomk\u00f6vet\u0151 technol\u00f3gi\u00e1k \u00e9s s\u00fctik<\/h3>    <p>S\u00fctiket \u00e9s hasonl\u00f3 nyomk\u00f6vet\u0151 technol\u00f3gi\u00e1kat haszn\u00e1lunk, hogy nyomon k\u00f6vess\u00fck a tev\u00e9kenys\u00e9get Szolg\u00e1ltat\u00e1sunkon, \u00e9s bizonyos inform\u00e1ci\u00f3kat t\u00e1roljunk. A nyomk\u00f6vet\u0151 technol\u00f3gi\u00e1k k\u00f6z\u00e9 tartoznak a jelz\u0151k, c\u00edmk\u00e9k \u00e9s szkriptek, amelyek inform\u00e1ci\u00f3kat gy\u0171jtenek \u00e9s nyomon k\u00f6vetnek, valamint jav\u00edtj\u00e1k \u00e9s elemzik Szolg\u00e1ltat\u00e1sunkat.<\/p>    <p>Utas\u00edthatja b\u00f6ng\u00e9sz\u0151j\u00e9t, hogy minden S\u00fctit megtagadjon vagy jelezze, amikor S\u00fcti ker\u00fcl k\u00fcld\u00e9sre. Azonban, ha nem fogadja el a S\u00fctiket, el\u0151fordulhat, hogy nem tudja haszn\u00e1lni Szolg\u00e1ltat\u00e1sunk egyes r\u00e9szeit.<\/p>    <p>A s\u00fctik lehetnek \u201e\u00c1lland\u00f3\u201d vagy \u201eMunkamenet\u201d s\u00fctik. Az \u00c1lland\u00f3 s\u00fctik a szem\u00e9lyi sz\u00e1m\u00edt\u00f3g\u00e9pen vagy mobil eszk\u00f6z\u00f6n maradnak, amikor offline \u00e1llapotban van, m\u00edg a Munkamenet s\u00fctik azonnal t\u00f6rl\u0151dnek, amint bez\u00e1rja a b\u00f6ng\u00e9sz\u0151t. Tov\u00e1bbi inform\u00e1ci\u00f3k a s\u00fctikr\u0151l: All About Cookies.<\/p>    <p>Mind a munkamenet, mind a tart\u00f3s s\u00fctiket haszn\u00e1ljuk az al\u00e1bbi c\u00e9lokra:<\/p>    <ul class=\"wp-block-list\"><li><strong>Sz\u00fcks\u00e9ges \/ Alapvet\u0151 s\u00fctik<\/strong> T\u00edpus: Munkamenet s\u00fctik, amelyeket mi kezel\u00fcnk C\u00e9l: Ezek a s\u00fctik alapvet\u0151ek ahhoz, hogy a Szolg\u00e1ltat\u00e1son el\u00e9rhet\u0151 szolg\u00e1ltat\u00e1sokat biztos\u00edtani tudjuk, \u00e9s lehet\u0151v\u00e9 teszik, hogy haszn\u00e1lja bizonyos funkci\u00f3kat. Seg\u00edtenek azonos\u00edtani a felhaszn\u00e1l\u00f3kat \u00e9s megel\u0151zni a csal\u00e1rd felhaszn\u00e1l\u00e1st. S\u00fctik n\u00e9lk\u00fcl nem tudja ig\u00e9nybe venni az \u00e1ltalunk ny\u00fajtott szolg\u00e1ltat\u00e1sokat, \u00e9s ezeket kiz\u00e1r\u00f3lag ezek biztos\u00edt\u00e1s\u00e1ra haszn\u00e1ljuk.<\/li><li><strong>S\u00fctikezel\u00e9si \/ \u00c9rtes\u00edt\u00e9si elfogad\u00e1si s\u00fctik<\/strong> T\u00edpus: \u00c1lland\u00f3 s\u00fctik, amelyeket mi kezel\u00fcnk C\u00e9l: Ezek a s\u00fctik azonos\u00edtj\u00e1k, hogy a felhaszn\u00e1l\u00f3k elfogadt\u00e1k-e a s\u00fctik haszn\u00e1lat\u00e1t a Honlapon.<\/li><li><strong>Funkcion\u00e1lis s\u00fctik<\/strong> T\u00edpus: \u00c1lland\u00f3 s\u00fctik, amelyeket mi kezel\u00fcnk C\u00e9l: Ezek a s\u00fctik lehet\u0151v\u00e9 teszik sz\u00e1munkra, hogy megjegyezz\u00fck a v\u00e1laszt\u00e1sokat, amelyeket a Weboldal haszn\u00e1lata sor\u00e1n tett, p\u00e9ld\u00e1ul a bejelentkez\u00e9si adatok vagy nyelvi preferenci\u00e1k megjegyz\u00e9se. Ezek a s\u00fctik c\u00e9lja, hogy szem\u00e9lyre szabottabb \u00e9lm\u00e9nyt ny\u00fajtsanak, \u00e9s elker\u00fclj\u00e9k, hogy minden alkalommal \u00fajra be kelljen \u00edrnia a preferenci\u00e1it.<\/li><\/ul>    <p>Tov\u00e1bbi inform\u00e1ci\u00f3k\u00e9rt a haszn\u00e1lt s\u00fctikr\u0151l \u00e9s a s\u00fctikkel kapcsolatos v\u00e1laszt\u00e1sair\u00f3l, k\u00e9rj\u00fck, l\u00e1togasson el S\u00fctikezel\u00e9si Szab\u00e1lyzatunkhoz vagy az Adatv\u00e9delmi Szab\u00e1lyzat S\u00fctik szakasz\u00e1hoz.<\/p>    <h2 class=\"wp-block-heading\">Szem\u00e9lyes adatai felhaszn\u00e1l\u00e1sa<\/h2>    <p>A C\u00e9g szem\u00e9lyes adatokat haszn\u00e1lhat a k\u00f6vetkez\u0151 c\u00e9lokra:<\/p>    <ul class=\"wp-block-list\"><li><strong>A Szolg\u00e1ltat\u00e1s ny\u00fajt\u00e1sa \u00e9s fenntart\u00e1sa \u00e9rdek\u00e9ben<\/strong>, bele\u00e9rtve a Szolg\u00e1ltat\u00e1s haszn\u00e1lat\u00e1nak nyomon k\u00f6vet\u00e9s\u00e9t.<\/li><li><strong>Fi\u00f3k kezel\u00e9se:<\/strong> A regisztr\u00e1ci\u00f3 kezel\u00e9se a Szolg\u00e1ltat\u00e1s felhaszn\u00e1l\u00f3jak\u00e9nt. Az \u00d6n \u00e1ltal megadott szem\u00e9lyes adatok lehet\u0151v\u00e9 teszik, hogy hozz\u00e1f\u00e9rjen k\u00fcl\u00f6nb\u00f6z\u0151 funkci\u00f3khoz, amelyek a regisztr\u00e1lt felhaszn\u00e1l\u00f3k sz\u00e1m\u00e1ra el\u00e9rhet\u0151k.<\/li><li><strong>Szerz\u0151d\u00e9s teljes\u00edt\u00e9se \u00e9rdek\u00e9ben:<\/strong> a v\u00e1s\u00e1rl\u00e1si szerz\u0151d\u00e9s teljes\u00edt\u00e9se, bele\u00e9rtve a term\u00e9kek, t\u00e9telek vagy szolg\u00e1ltat\u00e1sok megv\u00e1s\u00e1rl\u00e1s\u00e1val vagy b\u00e1rmilyen m\u00e1s szerz\u0151d\u00e9s megk\u00f6t\u00e9s\u00e9vel kapcsolatos tev\u00e9kenys\u00e9geket.<\/li><li><strong>Kapcsolatba l\u00e9pni:<\/strong> Az\u00e9rt, hogy e-mailben, telefonh\u00edv\u00e1sokon, SMS-en vagy m\u00e1s, elektronikus kommunik\u00e1ci\u00f3s form\u00e1n kereszt\u00fcl, p\u00e9ld\u00e1ul mobilalkalmaz\u00e1s push \u00e9rtes\u00edt\u00e9sein kereszt\u00fcl kapcsolatba l\u00e9pj\u00fcnk \u00d6nnel, a funkci\u00f3kkal, term\u00e9kekkel vagy szerz\u0151d\u00e9ses szolg\u00e1ltat\u00e1sokkal kapcsolatos friss\u00edt\u00e9sekr\u0151l vagy inform\u00e1ci\u00f3s kommunik\u00e1ci\u00f3kr\u00f3l, ide\u00e9rtve a biztons\u00e1gi friss\u00edt\u00e9seket, amikor sz\u00fcks\u00e9ges vagy \u00e9sszer\u0171.<\/li><li><strong>Az\u00e9rt, hogy \u00d6nnek<\/strong> h\u00edrekkel, k\u00fcl\u00f6nleges aj\u00e1nlatokkal \u00e9s \u00e1ltal\u00e1nos inform\u00e1ci\u00f3kkal, m\u00e1s, m\u00e1r megv\u00e1s\u00e1rolt vagy \u00e9rdekl\u0151d\u00f6tt term\u00e9kek, szolg\u00e1ltat\u00e1sok \u00e9s esem\u00e9nyek kapcs\u00e1n, kiv\u00e9ve, ha \u00d6n nem k\u00e9rte az ilyen inform\u00e1ci\u00f3k fogad\u00e1s\u00e1t.<\/li><li><strong>K\u00e9r\u00e9sek kezel\u00e9se:<\/strong> Az\u00e9rt, hogy kezelj\u00fck \u00e9s v\u00e1laszoljunk a k\u00e9r\u00e9seire.<\/li><\/ul>    <p>Megoszthatjuk szem\u00e9lyes adatait a k\u00f6vetkez\u0151 helyzetekben:<\/p>    <ul class=\"wp-block-list\"><li><strong>Szolg\u00e1ltat\u00f3kkal:<\/strong> Szem\u00e9lyes adatait megoszthatjuk Szolg\u00e1ltat\u00f3kkal, hogy nyomon k\u00f6vess\u00fck \u00e9s elemezz\u00fck a Szolg\u00e1ltat\u00e1s haszn\u00e1lat\u00e1t, \u00e9s kapcsolatba l\u00e9pj\u00fcnk \u00d6nnel.<\/li><li><strong>\u00dczleti \u00e1tad\u00e1sok eset\u00e9n:<\/strong> Megoszthatjuk vagy \u00e1tadhatjuk szem\u00e9lyes adatait \u00f6sszef\u00fcgg\u00e9sben vagy t\u00e1rgyal\u00e1sok sor\u00e1n, p\u00e9ld\u00e1ul egyes\u00fcl\u00e9s, a C\u00e9g eszk\u00f6zeinek \u00e9rt\u00e9kes\u00edt\u00e9se, finansz\u00edroz\u00e1s vagy a teljes vagy r\u00e9szleges \u00fczlet felv\u00e1s\u00e1rl\u00e1sa m\u00e1s v\u00e1llalatnak.<\/li><li><strong>Le\u00e1nyv\u00e1llalatokkal:<\/strong> Megoszthatjuk az \u00d6n adatait az \u00e9rdekelts\u00e9gi k\u00f6r\u00e9hez tartoz\u00f3 le\u00e1nyv\u00e1llalatainkkal, amelyek eset\u00e9ben megk\u00f6vetelj\u00fck, hogy tiszteletben tarts\u00e1k ezt az Adatv\u00e9delmi Szab\u00e1lyzatot. Ide tartoznak az anyav\u00e1llalatunk, valamint minden m\u00e1s le\u00e1nyv\u00e1llalat, k\u00f6z\u00f6s v\u00e1llalkoz\u00e1si partner vagy m\u00e1s v\u00e1llalat, amelyet ir\u00e1ny\u00edtunk vagy amely k\u00f6z\u00f6s ir\u00e1ny\u00edt\u00e1s alatt \u00e1ll vel\u00fcnk.<\/li><li><strong>\u00dczleti partnerekkel:<\/strong> Megoszthatjuk az \u00d6n adatait \u00fczleti partnereinkkel, hogy bizonyos term\u00e9keket, szolg\u00e1ltat\u00e1sokat vagy prom\u00f3ci\u00f3kat k\u00edn\u00e1ljunk \u00d6nnek.<\/li><li><strong>M\u00e1s felhaszn\u00e1l\u00f3kkal:<\/strong> Amikor szem\u00e9lyes adatokat oszt meg vagy m\u00e1s m\u00f3don interakci\u00f3ba l\u00e9p nyilv\u00e1nos ter\u00fcleteken, az ilyen inform\u00e1ci\u00f3k minden felhaszn\u00e1l\u00f3 \u00e1ltal l\u00e1that\u00f3k lehetnek, \u00e9s nyilv\u00e1nosan megoszthat\u00f3k k\u00edv\u00fclr\u0151l. Ha m\u00e1s felhaszn\u00e1l\u00f3kkal l\u00e9p kapcsolatba vagy regisztr\u00e1l harmadik f\u00e9l k\u00f6z\u00f6ss\u00e9gi m\u00e9dia szolg\u00e1ltat\u00e1s\u00e1n kereszt\u00fcl, a harmadik f\u00e9l kapcsolatai l\u00e1thatj\u00e1k a nev\u00e9t, profilj\u00e1t, k\u00e9peit \u00e9s tev\u00e9kenys\u00e9g\u00e9nek le\u00edr\u00e1s\u00e1t. Hasonl\u00f3k\u00e9ppen, m\u00e1s felhaszn\u00e1l\u00f3k megtekinthetik tev\u00e9kenys\u00e9g\u00e9nek le\u00edr\u00e1s\u00e1t, kommunik\u00e1lhatnak \u00d6nnel, \u00e9s megtekinthetik profilj\u00e1t.<\/li><\/ul>    <h2 class=\"wp-block-heading\">Szem\u00e9lyes adatok meg\u0151rz\u00e9se<\/h2>    <p>A C\u00e9g csak addig \u0151rzi meg az \u00d6n szem\u00e9lyes adatait, ameddig az a jelen Adatv\u00e9delmi Szab\u00e1lyzatban meghat\u00e1rozott c\u00e9lokra sz\u00fcks\u00e9ges. Az adatokat a jogi k\u00f6telezetts\u00e9gek teljes\u00edt\u00e9se, jogvit\u00e1k rendez\u00e9se \u00e9s jogi meg\u00e1llapod\u00e1sok, szab\u00e1lyzatok \u00e9rv\u00e9nyes\u00edt\u00e9se \u00e9rdek\u00e9ben tartjuk meg.<\/p>    <p>A C\u00e9g bels\u0151 elemz\u00e9si c\u00e9lokra is meg\u0151rzi a Haszn\u00e1lati Adatokat. A Haszn\u00e1lati Adatokat \u00e1ltal\u00e1ban r\u00f6videbb ideig \u0151rizz\u00fck, kiv\u00e9ve, ha ezeket az adatokat a biztons\u00e1g meger\u0151s\u00edt\u00e9s\u00e9re vagy Szolg\u00e1ltat\u00e1sunk funkcionalit\u00e1s\u00e1nak jav\u00edt\u00e1s\u00e1ra haszn\u00e1ljuk, vagy jogszab\u00e1lyi k\u00f6telezetts\u00e9g alapj\u00e1n hosszabb ideig kell meg\u0151rizn\u00fcnk.<\/p>    <h2 class=\"wp-block-heading\">Szem\u00e9lyes adatok \u00e1tad\u00e1sa<\/h2>    <p>Az \u00d6n adatait, bele\u00e9rtve a Szem\u00e9lyes Adatokat, a C\u00e9g m\u0171k\u00f6d\u00e9si irod\u00e1iban \u00e9s m\u00e1s helyeken dolgozzuk fel, ahol az \u00e9rintett felek tart\u00f3zkodnak. Ez azt jelenti, hogy ezek az adatok \u00e1tvihet\u0151k \u2014 \u00e9s t\u00e1rolhat\u00f3k \u2014 olyan sz\u00e1m\u00edt\u00f3g\u00e9peken, amelyek az \u00d6n \u00e1llam\u00e1n, tartom\u00e1ny\u00e1n, orsz\u00e1g\u00e1n vagy m\u00e1s korm\u00e1nyzati joghat\u00f3s\u00e1g\u00e1n k\u00edv\u00fcl tal\u00e1lhat\u00f3k, ahol az adatv\u00e9delmi t\u00f6rv\u00e9nyek elt\u00e9rhetnek az \u00d6n joghat\u00f3s\u00e1g\u00e1t\u00f3l.<\/p>    <p>Az adatv\u00e9delmi Szab\u00e1lyzat elfogad\u00e1sa \u00e9s az ilyen inform\u00e1ci\u00f3k beny\u00fajt\u00e1sa azzal jelzi, hogy \u00d6n elfogadja az adat\u00e1tvitelt.<\/p>    <p>A C\u00e9g minden \u00e9sszer\u0171 l\u00e9p\u00e9st megtesz annak \u00e9rdek\u00e9ben, hogy az \u00d6n adatait biztons\u00e1gosan kezelje, \u00e9s \u00f6sszhangban legyen ezzel az Adatv\u00e9delmi Szab\u00e1lyzattal, \u00e9s nem ker\u00fcl \u00e1tad\u00e1sra az \u00d6n szem\u00e9lyes adata semmilyen szervezethez vagy orsz\u00e1gba, kiv\u00e9ve, ha megfelel\u0151 ellen\u0151rz\u00e9sek vannak \u00e9rv\u00e9nyben, ide\u00e9rtve az adatok biztons\u00e1g\u00e1t \u00e9s m\u00e1s szem\u00e9lyes adatok v\u00e9delm\u00e9t.<\/p>    <h2 class=\"wp-block-heading\">Szem\u00e9lyes adatok k\u00f6zz\u00e9t\u00e9tele<\/h2>    <h3 class=\"wp-block-heading\">\u00dczleti tranzakci\u00f3k<\/h3>    <p>Ha a C\u00e9g \u00f6sszeolvad, felv\u00e1s\u00e1rl\u00e1s vagy eszk\u00f6z\u00e9rt\u00e9kes\u00edt\u00e9s folyamat\u00e1ban van, az \u00d6n szem\u00e9lyes adatai \u00e1tker\u00fclhetnek. A szem\u00e9lyes adatok \u00e1tad\u00e1sa el\u0151tt \u00e9rtes\u00edt\u00e9st k\u00fcld\u00fcnk, \u00e9s az adatok m\u00e1s adatv\u00e9delmi szab\u00e1lyzat hat\u00e1lya al\u00e1 ker\u00fclhetnek.<\/p>    <h3 class=\"wp-block-heading\">B\u0171n\u00fcld\u00f6z\u0151 szervek<\/h3>    <p>Bizonyos k\u00f6r\u00fclm\u00e9nyek k\u00f6z\u00f6tt a C\u00e9g k\u00f6teles lehet megosztani az \u00d6n szem\u00e9lyes adatait, ha jogszab\u00e1ly vagy hivatalos k\u00e9r\u00e9s alapj\u00e1n k\u00f6telez\u0151.<\/p>    <h3 class=\"wp-block-heading\">Egy\u00e9b jogi k\u00f6vetelm\u00e9nyek<\/h3>    <p>A C\u00e9g j\u00f3hiszem\u0171 meggy\u0151z\u0151d\u00e9se alapj\u00e1n megoszthatja szem\u00e9lyes adatait, ha ez sz\u00fcks\u00e9ges:<\/p>    <ul class=\"wp-block-list\"><li>Jogszab\u00e1lyi k\u00f6telezetts\u00e9gnek val\u00f3 megfelel\u00e9s<\/li><li>V\u00e9dje \u00e9s v\u00e9dje a C\u00e9g jogait vagy tulajdon\u00e1t<\/li><li>Le\u00e1ll\u00edtani vagy kivizsg\u00e1lni a Szolg\u00e1ltat\u00e1ssal kapcsolatos esetleges jogs\u00e9rt\u00e9seket<\/li><li>A Szolg\u00e1ltat\u00e1s felhaszn\u00e1l\u00f3inak vagy a nyilv\u00e1noss\u00e1g szem\u00e9lyes biztons\u00e1g\u00e1nak v\u00e9delme \u00e9rdek\u00e9ben<\/li><li>V\u00e9dje jogi felel\u0151ss\u00e9g ellen<\/li><\/ul>    <h2 class=\"wp-block-heading\">Szem\u00e9lyes adatok v\u00e9delme<\/h2>    <p>Az \u00d6n szem\u00e9lyes adatainak biztons\u00e1ga fontos sz\u00e1munkra, de eml\u00e9kezzen arra, hogy az interneten t\u00f6rt\u00e9n\u0151 adat\u00e1tvitel vagy elektronikus t\u00e1rol\u00e1s m\u00f3dszerei nem 100%-osan biztons\u00e1gosak. M\u00edg t\u00f6reksz\u00fcnk arra, hogy kereskedelmi szempontb\u00f3l elfogadhat\u00f3 eszk\u00f6z\u00f6ket haszn\u00e1ljunk szem\u00e9lyes adatainak v\u00e9delm\u00e9re, nem garant\u00e1lhatjuk azok abszol\u00fat biztons\u00e1g\u00e1t.<\/p>    <h1 class=\"wp-block-heading\">Kaliforniai Adatv\u00e9delmi Jogok (California\u2019s Shine the Light law)<\/h1>    <p>A Kaliforniai Civil T\u00f6rv\u00e9ny 1798 szakasza (California\u2019s Shine the Light law) \u00e9rtelm\u00e9ben a kaliforniai lakosok, akiknek \u00fczleti kapcsolatuk van vel\u00fcnk, k\u00e9rhetnek \u00e9vente inform\u00e1ci\u00f3t arr\u00f3l, hogy megosztott\u00e1k-e szem\u00e9lyes adataikat harmadik felekkel k\u00f6zvetlen marketing c\u00e9lokra.<\/p>    <p>Ha tov\u00e1bbi inform\u00e1ci\u00f3t szeretne k\u00e9rni a Kaliforniai Shine the Light t\u00f6rv\u00e9ny alapj\u00e1n, kaliforniai lakosk\u00e9nt, l\u00e9pjen vel\u00fcnk kapcsolatba az al\u00e1bbi el\u00e9rhet\u0151s\u00e9gen.<\/p>    <h1 class=\"wp-block-heading\">Kaliforniai Adatv\u00e9delmi Jogok Kiskor\u00fa Felhaszn\u00e1l\u00f3k Sz\u00e1m\u00e1ra (Kaliforniai \u00dczleti \u00e9s Szakmai T\u00f6rv\u00e9ny 22581 szakasz)<\/h1>    <p>Kaliforniai \u00dczleti \u00e9s Szakmai T\u00f6rv\u00e9ny 22581 szakasz lehet\u0151v\u00e9 teszi, hogy a kaliforniai lakosok, akik online oldalakon, szolg\u00e1ltat\u00e1sokon vagy alkalmaz\u00e1sokon regisztr\u00e1lt felhaszn\u00e1l\u00f3k, k\u00e9rjenek \u00e9s kapjanak tartalom vagy inform\u00e1ci\u00f3 elt\u00e1vol\u00edt\u00e1s\u00e1t, amelyet nyilv\u00e1nosan k\u00f6zz\u00e9tettek.<\/p>    <p>Az ilyen adatok t\u00f6rl\u00e9s\u00e9nek k\u00e9r\u00e9s\u00e9hez, \u00e9s ha \u00d6n kaliforniai lakos, l\u00e9pjen vel\u00fcnk kapcsolatba az al\u00e1bbi el\u00e9rhet\u0151s\u00e9gen, \u00e9s adja meg a fi\u00f3kj\u00e1hoz kapcsol\u00f3d\u00f3 e-mail c\u00edmet.<\/p>    <p>Tudat\u00e1ban kell lennie, hogy k\u00e9r\u00e9s\u00e9nek nem garant\u00e1lja a tartalom vagy inform\u00e1ci\u00f3 teljes vagy \u00e1tfog\u00f3 t\u00f6rl\u00e9s\u00e9t az online k\u00f6zz\u00e9t\u00e9telb\u0151l, \u00e9s jogszab\u00e1ly szerint bizonyos k\u00f6r\u00fclm\u00e9nyek k\u00f6z\u00f6tt nem lehet vagy nem kell t\u00f6r\u00f6lni.<\/p>    <h1 class=\"wp-block-heading\">Hivatkoz\u00e1sok m\u00e1s weboldalakra<\/h1>    <p>Szolg\u00e1ltat\u00e1sunk tartalmazhat m\u00e1s weboldalakra mutat\u00f3 linkeket, amelyeket nem mi m\u0171k\u00f6dtet\u00fcnk. Ha egy harmadik f\u00e9l oldal\u00e1ra kattint, \u00e1tir\u00e1ny\u00edtjuk az adott oldalra. Er\u0151sen javasoljuk, hogy minden megl\u00e1togatott oldal adatv\u00e9delmi szab\u00e1lyzat\u00e1t tekintse \u00e1t.<\/p>    <p>Nem rendelkez\u00fcnk \u00e9s nem v\u00e1llalunk felel\u0151ss\u00e9get harmadik f\u00e9l weboldalainak vagy szolg\u00e1ltat\u00e1sainak tartalm\u00e1\u00e9rt, adatv\u00e9delmi politik\u00e1j\u00e1\u00e9rt vagy gyakorlat\u00e1\u00e9rt.<\/p>    <h1 class=\"wp-block-heading\">V\u00e1ltoz\u00e1sok ezen az Adatv\u00e9delmi Szab\u00e1lyzaton<\/h1>    <p>Id\u0151r\u0151l id\u0151re friss\u00edthetj\u00fck ezt az Adatv\u00e9delmi Szab\u00e1lyzatot. A v\u00e1ltoz\u00e1sokr\u00f3l \u00e9rtes\u00edtj\u00fck \u00d6nt, ha azokat k\u00f6zz\u00e9 tessz\u00fck ezen az oldalon.<\/p>    <p>El fogjuk \u00d6nnek jelezni e-mailben \u00e9s\/vagy kiemelt figyelemfelh\u00edv\u00f3 \u00e9rtes\u00edt\u00e9sben Szolg\u00e1ltat\u00e1sunkon, miel\u0151tt a v\u00e1ltoz\u00e1s hat\u00e1lyba l\u00e9pne, \u00e9s friss\u00edtj\u00fck a \u201eLegut\u00f3bbi friss\u00edt\u00e9s\u201d d\u00e1tum\u00e1t a jelen Adatv\u00e9delmi Szab\u00e1lyzat tetej\u00e9n.<\/p>    <p>Javasoljuk, hogy id\u0151r\u0151l id\u0151re tekintse \u00e1t ezt az Adatv\u00e9delmi Szab\u00e1lyzatot a v\u00e1ltoz\u00e1sok\u00e9rt. A v\u00e1ltoz\u00e1sok akkor l\u00e9pnek hat\u00e1lyba, amikor ezeket k\u00f6zz\u00e9 tessz\u00fck ezen az oldalon.<\/p>    <h1 class=\"wp-block-heading\">Neem contact met ons op<\/h1>    <p>Ha van k\u00e9rd\u00e9se a jelen Adatv\u00e9delmi Szab\u00e1lyzattal kapcsolatban, l\u00e9pjen vel\u00fcnk kapcsolatba:<\/p>    <ul class=\"wp-block-list\"><li>E-mailben: info@allpotatoes.com<\/li><li>Ezen az oldal megl\u00e1togat\u00e1s\u00e1val a weboldalunkon: <a href=\"https:\/\/allpotatoes.com\/sw\/contact-us\/\" rel=\"noreferrer noopener\" target=\"_blank\">https:\/\/allpotatoes.com\/contact-us<\/a><\/li><li>Telefonon kereszt\u00fcl: 86 173 0382 1432<\/li><\/ul>","protected":false},"excerpt":{"rendered":"<p>Last updated: September 09, 2020 This Privacy Policy describes Our policies and procedures on the collection, use and disclosure of Your information when You use the Service and tells You about Your privacy rights and how the law protects You. We use Your Personal data to provide and improve the Service. By using the Service, [&hellip;]<\/p>\n","protected":false},"author":1,"featured_media":0,"parent":0,"menu_order":0,"comment_status":"closed","ping_status":"closed","template":"","meta":{"footnotes":""},"class_list":["post-1398","page","type-page","status-publish","hentry"],"_links":{"self":[{"href":"https:\/\/allpotatoes.com\/sw\/wp-json\/wp\/v2\/pages\/1398","targetHints":{"allow":["GET"]}}],"collection":[{"href":"https:\/\/allpotatoes.com\/sw\/wp-json\/wp\/v2\/pages"}],"about":[{"href":"https:\/\/allpotatoes.com\/sw\/wp-json\/wp\/v2\/types\/page"}],"author":[{"embeddable":true,"href":"https:\/\/allpotatoes.com\/sw\/wp-json\/wp\/v2\/users\/1"}],"replies":[{"embeddable":true,"href":"https:\/\/allpotatoes.com\/sw\/wp-json\/wp\/v2\/comments?post=1398"}],"version-history":[{"count":0,"href":"https:\/\/allpotatoes.com\/sw\/wp-json\/wp\/v2\/pages\/1398\/revisions"}],"wp:attachment":[{"href":"https:\/\/allpotatoes.com\/sw\/wp-json\/wp\/v2\/media?parent=1398"}],"curies":[{"name":"wp","href":"https:\/\/api.w.org\/{rel}","templated":true}]}}